{"id":1521,"date":"2024-10-10T12:52:46","date_gmt":"2024-10-10T10:52:46","guid":{"rendered":"https:\/\/www.connectanatura.org\/?page_id=1521"},"modified":"2025-04-09T14:34:48","modified_gmt":"2025-04-09T12:34:48","slug":"fes-te-socia","status":"publish","type":"page","link":"https:\/\/www.connectanatura.org\/cas\/fes-te-socia\/","title":{"rendered":"Fes-te socia"},"content":{"rendered":"<div data-elementor-type=\"wp-page\" data-elementor-id=\"1521\" class=\"elementor elementor-1521\" data-elementor-post-type=\"page\">\n\t\t\t\t<div class=\"elementor-element elementor-element-df0958e e-con-full e-flex e-con e-parent\" data-id=\"df0958e\" data-element_type=\"container\" data-settings=\"{&quot;background_background&quot;:&quot;classic&quot;}\">\n\t\t\t\t<\/div>\n\t\t<div class=\"elementor-element elementor-element-182f867 e-con-full e-flex e-con e-parent\" data-id=\"182f867\" data-element_type=\"container\">\n\t\t<div class=\"elementor-element elementor-element-6b48999 e-con-full e-flex e-con e-child\" data-id=\"6b48999\" data-element_type=\"container\">\n\t\t<div class=\"elementor-element elementor-element-4f6d065 e-con-full e-flex e-con e-child\" data-id=\"4f6d065\" data-element_type=\"container\">\n\t\t\t\t<div class=\"elementor-element elementor-element-516d826 elementor-widget elementor-widget-text-editor\" data-id=\"516d826\" data-element_type=\"widget\" data-widget_type=\"text-editor.default\">\n\t\t\t\t<div class=\"elementor-widget-container\">\n\t\t\t\t\t\t\t\t\t<p>Hazte socia de Connecta Natura y ay\u00fadanos a proteger la biodiversidad y promover la agroecolog\u00eda!<\/p><p>Tu colaboraci\u00f3n es clave para conservar nuestros paisajes y cultura rural. Elige la opci\u00f3n que m\u00e1s te guste.<\/p>\t\t\t\t\t\t\t\t<\/div>\n\t\t\t\t<\/div>\n\t\t\t\t<div class=\"elementor-element elementor-element-c378803 elementor-widget elementor-widget-text-editor\" data-id=\"c378803\" data-element_type=\"widget\" data-widget_type=\"text-editor.default\">\n\t\t\t\t<div class=\"elementor-widget-container\">\n\t\t\t\t\t\t\t\t\t<p>Las siguientes ventajas son comunes a todas las modalidades de socias:<\/p><ul><li>Descuentos del 20% en los diferentes servicios (rutas interpretativas, visitas guiadas, cursos y jornadas) y productos (camisetas, vasos, etc.) de Connecta Natura, as\u00ed como beneficios para obtener plantel de variedades hort\u00edcolas y frutales tradicionales.<\/li><li>Informaci\u00f3n detallada de todas las actividades de Connecta Natura a trav\u00e9s de un grupo de difusi\u00f3n de TELEGRAM y de las memorias anuales de la asociaci\u00f3n.\nParticipaci\u00f3n en la asamblea general anual de Connecta Natura.<\/li><li>Participaci\u00f3n en la asamblea general anual de Connecta Natura.<\/li><li>Vaso reutilizable promocional de Connecta Natura en el momento de la inscripci\u00f3n (a recoger en alguno de los acontecimientos que la asociaci\u00f3n realice).<\/li><\/ul>\t\t\t\t\t\t\t\t<\/div>\n\t\t\t\t<\/div>\n\t\t\t\t<\/div>\n\t\t\t\t<\/div>\n\t\t<div class=\"elementor-element elementor-element-08db66f e-con-full e-flex e-con e-child\" data-id=\"08db66f\" data-element_type=\"container\">\n\t\t\t\t<div class=\"elementor-element elementor-element-f205c39 elementor-widget elementor-widget-n-accordion\" data-id=\"f205c39\" data-element_type=\"widget\" data-settings=\"{&quot;default_state&quot;:&quot;all_collapsed&quot;,&quot;max_items_expended&quot;:&quot;multiple&quot;,&quot;n_accordion_animation_duration&quot;:{&quot;unit&quot;:&quot;ms&quot;,&quot;size&quot;:400,&quot;sizes&quot;:[]}}\" data-widget_type=\"nested-accordion.default\">\n\t\t\t\t<div class=\"elementor-widget-container\">\n\t\t\t\t\t\t\t<div class=\"e-n-accordion\" aria-label=\"Accordion. Open links with Enter or Space, close with Escape, and navigate with Arrow Keys\">\n\t\t\t\t\t\t<details id=\"e-n-accordion-item-2530\" class=\"e-n-accordion-item\" >\n\t\t\t\t<summary class=\"e-n-accordion-item-title\" data-accordion-index=\"1\" tabindex=\"0\" aria-expanded=\"false\" aria-controls=\"e-n-accordion-item-2530\" >\n\t\t\t\t\t<span class='e-n-accordion-item-title-header'><div class=\"e-n-accordion-item-title-text\"> <b>SOCIAS LLAVOR<\/b>    25\/ a\u00f1o <\/div><\/span>\n\t\t\t\t\t\t\t<span class='e-n-accordion-item-title-icon'>\n\t\t\t<span class='e-opened' ><svg aria-hidden=\"true\" class=\"e-font-icon-svg e-fas-minus\" viewbox=\"0 0 448 512\" xmlns=\"http:\/\/www.w3.org\/2000\/svg\"><path d=\"M416 208H32c-17.67 0-32 14.33-32 32v32c0 17.67 14.33 32 32 32h384c17.67 0 32-14.33 32-32v-32c0-17.67-14.33-32-32-32z\"><\/path><\/svg><\/span>\n\t\t\t<span class='e-closed'><svg aria-hidden=\"true\" class=\"e-font-icon-svg e-fas-plus\" viewbox=\"0 0 448 512\" xmlns=\"http:\/\/www.w3.org\/2000\/svg\"><path d=\"M416 208H272V64c0-17.67-14.33-32-32-32h-32c-17.67 0-32 14.33-32 32v144H32c-17.67 0-32 14.33-32 32v32c0 17.67 14.33 32 32 32h144v144c0 17.67 14.33 32 32 32h32c17.67 0 32-14.33 32-32V304h144c17.67 0 32-14.33 32-32v-32c0-17.67-14.33-32-32-32z\"><\/path><\/svg><\/span>\n\t\t<\/span>\n\n\t\t\t\t\t\t<\/summary>\n\t\t\t\t<div role=\"region\" aria-labelledby=\"e-n-accordion-item-2530\" class=\"elementor-element elementor-element-4bfcf9f e-con-full e-flex e-con e-child\" data-id=\"4bfcf9f\" data-element_type=\"container\">\n\t\t\t\t<div class=\"elementor-element elementor-element-0492a5f elementor-widget elementor-widget-text-editor\" data-id=\"0492a5f\" data-element_type=\"widget\" data-widget_type=\"text-editor.default\">\n\t\t\t\t<div class=\"elementor-widget-container\">\n\t\t\t\t\t\t\t\t\t<p>Adem\u00e1s de las ventajas mencionadas anteriormente que son comunes para todas las opciones de socias en esta modalidad pod\u00e9is disfrutar de:<\/p><ul><li>Visita interpretativa gratuita anual a las fincas en custodia que Connecta Natura tiene en el Valle de Xinquer<\/li><li>Lote de semillas de una variedad hort\u00edcola tradicional al a\u00f1o (a recoger en alguno de los acontecimientos que la asociaci\u00f3n realice).<\/li><\/ul>\t\t\t\t\t\t\t\t<\/div>\n\t\t\t\t<\/div>\n\t\t\t\t<div class=\"elementor-element elementor-element-86e3b45 elementor-align-left elementor-widget elementor-widget-button\" data-id=\"86e3b45\" data-element_type=\"widget\" data-widget_type=\"button.default\">\n\t\t\t\t<div class=\"elementor-widget-container\">\n\t\t\t\t\t\t\t\t\t<div class=\"elementor-button-wrapper\">\n\t\t\t\t\t<a class=\"elementor-button elementor-button-link elementor-size-sm\" href=\"https:\/\/www.connectanatura.org\/cas\/inscripcions\/\">\n\t\t\t\t\t\t<span class=\"elementor-button-content-wrapper\">\n\t\t\t\t\t\t\t\t\t<span class=\"elementor-button-text\">inscripci\u00f3n<\/span>\n\t\t\t\t\t<\/span>\n\t\t\t\t\t<\/a>\n\t\t\t\t<\/div>\n\t\t\t\t\t\t\t\t<\/div>\n\t\t\t\t<\/div>\n\t\t\t\t<\/div>\n\t\t\t\t\t<\/details>\n\t\t\t\t\t\t<details id=\"e-n-accordion-item-2531\" class=\"e-n-accordion-item\" >\n\t\t\t\t<summary class=\"e-n-accordion-item-title\" data-accordion-index=\"2\" tabindex=\"-1\" aria-expanded=\"false\" aria-controls=\"e-n-accordion-item-2531\" >\n\t\t\t\t\t<span class='e-n-accordion-item-title-header'><div class=\"e-n-accordion-item-title-text\"> <b>SOCIAS EMPELT<\/b>    50\u20ac\/a\u00f1o <\/div><\/span>\n\t\t\t\t\t\t\t<span class='e-n-accordion-item-title-icon'>\n\t\t\t<span class='e-opened' ><svg aria-hidden=\"true\" class=\"e-font-icon-svg e-fas-minus\" viewbox=\"0 0 448 512\" xmlns=\"http:\/\/www.w3.org\/2000\/svg\"><path d=\"M416 208H32c-17.67 0-32 14.33-32 32v32c0 17.67 14.33 32 32 32h384c17.67 0 32-14.33 32-32v-32c0-17.67-14.33-32-32-32z\"><\/path><\/svg><\/span>\n\t\t\t<span class='e-closed'><svg aria-hidden=\"true\" class=\"e-font-icon-svg e-fas-plus\" viewbox=\"0 0 448 512\" xmlns=\"http:\/\/www.w3.org\/2000\/svg\"><path d=\"M416 208H272V64c0-17.67-14.33-32-32-32h-32c-17.67 0-32 14.33-32 32v144H32c-17.67 0-32 14.33-32 32v32c0 17.67 14.33 32 32 32h144v144c0 17.67 14.33 32 32 32h32c17.67 0 32-14.33 32-32V304h144c17.67 0 32-14.33 32-32v-32c0-17.67-14.33-32-32-32z\"><\/path><\/svg><\/span>\n\t\t<\/span>\n\n\t\t\t\t\t\t<\/summary>\n\t\t\t\t<div role=\"region\" aria-labelledby=\"e-n-accordion-item-2531\" class=\"elementor-element elementor-element-150c138 e-con-full e-flex e-con e-child\" data-id=\"150c138\" data-element_type=\"container\">\n\t\t\t\t<div class=\"elementor-element elementor-element-f6b5569 elementor-widget elementor-widget-text-editor\" data-id=\"f6b5569\" data-element_type=\"widget\" data-widget_type=\"text-editor.default\">\n\t\t\t\t<div class=\"elementor-widget-container\">\n\t\t\t\t\t\t\t\t\t<ul><li style=\"font-weight: 400;\" aria-level=\"1\"><span style=\"font-weight: 400;\">Visita interpretativa gratuita anual a las fincas en custodia que Connecta Natura tiene en el Valle de Xinquer<\/span><\/li><li style=\"font-weight: 400;\" aria-level=\"1\"><span style=\"font-weight: 400;\">Lote de semillas de 2 variedades hort\u00edcolas tradicionales al a\u00f1o (a recoger en alguno de los acontecimientos que la asociaci\u00f3n realice)<\/span><\/li><li style=\"font-weight: 400;\" aria-level=\"1\"><div>Regalo de 1 arbol frutal (a recoger en alguno de los acontecimientos que la asociaci\u00f3n realice).<\/div><\/li><li style=\"font-weight: 400;\" aria-level=\"1\"><div>Camiseta de Connecta Natura con la primera anualidad (a recoger en alguno de los acontecimientos que la asociaci\u00f3n realice).<\/div><\/li><\/ul>\t\t\t\t\t\t\t\t<\/div>\n\t\t\t\t<\/div>\n\t\t\t\t<div class=\"elementor-element elementor-element-a4cc27c elementor-align-left elementor-widget elementor-widget-button\" data-id=\"a4cc27c\" data-element_type=\"widget\" data-widget_type=\"button.default\">\n\t\t\t\t<div class=\"elementor-widget-container\">\n\t\t\t\t\t\t\t\t\t<div class=\"elementor-button-wrapper\">\n\t\t\t\t\t<a class=\"elementor-button elementor-button-link elementor-size-sm\" href=\"https:\/\/www.connectanatura.org\/cas\/inscripcions\/\">\n\t\t\t\t\t\t<span class=\"elementor-button-content-wrapper\">\n\t\t\t\t\t\t\t\t\t<span class=\"elementor-button-text\">inscripci\u00f3n<\/span>\n\t\t\t\t\t<\/span>\n\t\t\t\t\t<\/a>\n\t\t\t\t<\/div>\n\t\t\t\t\t\t\t\t<\/div>\n\t\t\t\t<\/div>\n\t\t\t\t<\/div>\n\t\t\t\t\t<\/details>\n\t\t\t\t\t\t<details id=\"e-n-accordion-item-2532\" class=\"e-n-accordion-item\" >\n\t\t\t\t<summary class=\"e-n-accordion-item-title\" data-accordion-index=\"3\" tabindex=\"-1\" aria-expanded=\"false\" aria-controls=\"e-n-accordion-item-2532\" >\n\t\t\t\t\t<span class='e-n-accordion-item-title-header'><div class=\"e-n-accordion-item-title-text\"> <b>SOCIAS FRUITER<\/b>    70\u20ac\/a\u00f1o <\/div><\/span>\n\t\t\t\t\t\t\t<span class='e-n-accordion-item-title-icon'>\n\t\t\t<span class='e-opened' ><svg aria-hidden=\"true\" class=\"e-font-icon-svg e-fas-minus\" viewbox=\"0 0 448 512\" xmlns=\"http:\/\/www.w3.org\/2000\/svg\"><path d=\"M416 208H32c-17.67 0-32 14.33-32 32v32c0 17.67 14.33 32 32 32h384c17.67 0 32-14.33 32-32v-32c0-17.67-14.33-32-32-32z\"><\/path><\/svg><\/span>\n\t\t\t<span class='e-closed'><svg aria-hidden=\"true\" class=\"e-font-icon-svg e-fas-plus\" viewbox=\"0 0 448 512\" xmlns=\"http:\/\/www.w3.org\/2000\/svg\"><path d=\"M416 208H272V64c0-17.67-14.33-32-32-32h-32c-17.67 0-32 14.33-32 32v144H32c-17.67 0-32 14.33-32 32v32c0 17.67 14.33 32 32 32h144v144c0 17.67 14.33 32 32 32h32c17.67 0 32-14.33 32-32V304h144c17.67 0 32-14.33 32-32v-32c0-17.67-14.33-32-32-32z\"><\/path><\/svg><\/span>\n\t\t<\/span>\n\n\t\t\t\t\t\t<\/summary>\n\t\t\t\t<div role=\"region\" aria-labelledby=\"e-n-accordion-item-2532\" class=\"elementor-element elementor-element-aa6b9bc e-con-full e-flex e-con e-child\" data-id=\"aa6b9bc\" data-element_type=\"container\">\n\t\t\t\t<div class=\"elementor-element elementor-element-ca6face elementor-widget elementor-widget-text-editor\" data-id=\"ca6face\" data-element_type=\"widget\" data-widget_type=\"text-editor.default\">\n\t\t\t\t<div class=\"elementor-widget-container\">\n\t\t\t\t\t\t\t\t\t<ul><li style=\"font-weight: 400;\" aria-level=\"1\"><span style=\"font-weight: 400;\">Visita interpretativa gratuita anual a las fincas en custodia que Connecta Natura tiene en el Valle de Xinquer<\/span><\/li><li style=\"font-weight: 400;\" aria-level=\"1\"><span style=\"font-weight: 400;\">Lote de semillas de 4 variedades hort\u00edcolas tradicionales al a\u00f1o (a recoger en alguno de los acontecimientos que la asociaci\u00f3n realice).<\/span><\/li><li style=\"font-weight: 400;\" aria-level=\"1\"><div>Regalo de 2 \u00e1rboles frutales (a recoger en alguno de los acontecimientos que la asociaci\u00f3n realice)<\/div><\/li><li style=\"font-weight: 400;\" aria-level=\"1\"><div>Camiseta de Connecta Natura con la primera anualidad (a recoger en alguno de los acontecimientos que la asociaci\u00f3n realice).<\/div><\/li><\/ul>\t\t\t\t\t\t\t\t<\/div>\n\t\t\t\t<\/div>\n\t\t\t\t<div class=\"elementor-element elementor-element-ba7a06d elementor-align-left elementor-widget elementor-widget-button\" data-id=\"ba7a06d\" data-element_type=\"widget\" data-widget_type=\"button.default\">\n\t\t\t\t<div class=\"elementor-widget-container\">\n\t\t\t\t\t\t\t\t\t<div class=\"elementor-button-wrapper\">\n\t\t\t\t\t<a class=\"elementor-button elementor-button-link elementor-size-sm\" href=\"https:\/\/www.connectanatura.org\/cas\/inscripcions\/\">\n\t\t\t\t\t\t<span class=\"elementor-button-content-wrapper\">\n\t\t\t\t\t\t\t\t\t<span class=\"elementor-button-text\">inscripci\u00f3n<\/span>\n\t\t\t\t\t<\/span>\n\t\t\t\t\t<\/a>\n\t\t\t\t<\/div>\n\t\t\t\t\t\t\t\t<\/div>\n\t\t\t\t<\/div>\n\t\t\t\t<\/div>\n\t\t\t\t\t<\/details>\n\t\t\t\t\t\t<details id=\"e-n-accordion-item-2533\" class=\"e-n-accordion-item\" >\n\t\t\t\t<summary class=\"e-n-accordion-item-title\" data-accordion-index=\"4\" tabindex=\"-1\" aria-expanded=\"false\" aria-controls=\"e-n-accordion-item-2533\" >\n\t\t\t\t\t<span class='e-n-accordion-item-title-header'><div class=\"e-n-accordion-item-title-text\"> <b>SOCIAS BIODIVERSITAT<\/b>    &gt;80\u20ac\/a\u00f1o <\/div><\/span>\n\t\t\t\t\t\t\t<span class='e-n-accordion-item-title-icon'>\n\t\t\t<span class='e-opened' ><svg aria-hidden=\"true\" class=\"e-font-icon-svg e-fas-minus\" viewbox=\"0 0 448 512\" xmlns=\"http:\/\/www.w3.org\/2000\/svg\"><path d=\"M416 208H32c-17.67 0-32 14.33-32 32v32c0 17.67 14.33 32 32 32h384c17.67 0 32-14.33 32-32v-32c0-17.67-14.33-32-32-32z\"><\/path><\/svg><\/span>\n\t\t\t<span class='e-closed'><svg aria-hidden=\"true\" class=\"e-font-icon-svg e-fas-plus\" viewbox=\"0 0 448 512\" xmlns=\"http:\/\/www.w3.org\/2000\/svg\"><path d=\"M416 208H272V64c0-17.67-14.33-32-32-32h-32c-17.67 0-32 14.33-32 32v144H32c-17.67 0-32 14.33-32 32v32c0 17.67 14.33 32 32 32h144v144c0 17.67 14.33 32 32 32h32c17.67 0 32-14.33 32-32V304h144c17.67 0 32-14.33 32-32v-32c0-17.67-14.33-32-32-32z\"><\/path><\/svg><\/span>\n\t\t<\/span>\n\n\t\t\t\t\t\t<\/summary>\n\t\t\t\t<div role=\"region\" aria-labelledby=\"e-n-accordion-item-2533\" class=\"elementor-element elementor-element-f325ced e-con-full e-flex e-con e-child\" data-id=\"f325ced\" data-element_type=\"container\">\n\t\t\t\t<div class=\"elementor-element elementor-element-018d951 elementor-widget elementor-widget-text-editor\" data-id=\"018d951\" data-element_type=\"widget\" data-widget_type=\"text-editor.default\">\n\t\t\t\t<div class=\"elementor-widget-container\">\n\t\t\t\t\t\t\t\t\t<ul><li style=\"font-weight: 400;\" aria-level=\"1\"><span style=\"font-weight: 400;\">Visita interpretativa gratuita anual a las fincas en custodia que Connecta Natura tiene en el Valle de Xinquer<\/span><\/li><li style=\"font-weight: 400;\" aria-level=\"1\"><span style=\"font-weight: 400;\">Lote de semillas de 6 variedades hort\u00edcolas tradicionales al a\u00f1o (a recoger en alguno de los acontecimientos que la asociaci\u00f3n realice)<\/span><\/li><li style=\"font-weight: 400;\" aria-level=\"1\"><div>Regalo de 3 \u00e1rboles frutales (a recoger en alguno de los acontecimientos que la asociaci\u00f3n realice)<\/div><\/li><li style=\"font-weight: 400;\" aria-level=\"1\"><div>Camiseta de Connecta Natura con la primera anualidad (a recoger en alguno de los acontecimientos que la asociaci\u00f3n realice).<\/div><\/li><li style=\"font-weight: 400;\" aria-level=\"1\"><span style=\"font-weight: 400;\">Menci\u00f3n como persona socia de honor en la memoria anual de actividades de Connecta Natura<\/span><\/li><\/ul>\t\t\t\t\t\t\t\t<\/div>\n\t\t\t\t<\/div>\n\t\t\t\t<div class=\"elementor-element elementor-element-60a2207 elementor-align-left elementor-widget elementor-widget-button\" data-id=\"60a2207\" data-element_type=\"widget\" data-widget_type=\"button.default\">\n\t\t\t\t<div class=\"elementor-widget-container\">\n\t\t\t\t\t\t\t\t\t<div class=\"elementor-button-wrapper\">\n\t\t\t\t\t<a class=\"elementor-button elementor-button-link elementor-size-sm\" href=\"https:\/\/www.connectanatura.org\/cas\/inscripcions\/\">\n\t\t\t\t\t\t<span class=\"elementor-button-content-wrapper\">\n\t\t\t\t\t\t\t\t\t<span class=\"elementor-button-text\">inscripci\u00f3n<\/span>\n\t\t\t\t\t<\/span>\n\t\t\t\t\t<\/a>\n\t\t\t\t<\/div>\n\t\t\t\t\t\t\t\t<\/div>\n\t\t\t\t<\/div>\n\t\t\t\t<\/div>\n\t\t\t\t\t<\/details>\n\t\t\t\t\t<\/div>\n\t\t\t\t\t\t<\/div>\n\t\t\t\t<\/div>\n\t\t\t\t<div class=\"elementor-element elementor-element-4c567cc elementor-widget elementor-widget-text-editor\" data-id=\"4c567cc\" data-element_type=\"widget\" data-widget_type=\"text-editor.default\">\n\t\t\t\t<div class=\"elementor-widget-container\">\n\t\t\t\t\t\t\t\t\t<p>El cobro de la cuota de socias de Connecta Natura se realiza cada a\u00f1o en febrero. Si alguna persona se hace socia de Connecta Natura entre febrero y junio, se hace un cobro extraordinario de la cuota inicial en julio.<br \/>La suscripci\u00f3n como socia de Connecta Natura se renueva autom\u00e1ticamente cada a\u00f1o y el correspondiente recibo se emite a cobro por defecto, salvo que el socio\/a notifique expresamente, por escrito a info@connectanatura.org, la intenci\u00f3n de darse de baja como socia. Cada recibo devuelto, bien sea por orden expl\u00edcita del socio\/a, por datos bancarios incorrectos, o por falta de saldo en la cuenta, nos supone un gasto extraordinario en comisiones bancarias. Ser socia de Connecta Natura no supone ning\u00fan beneficio fiscal, al no ser una asociaci\u00f3n declarada \u201cde utilidad p\u00fablica\u201d.<br \/><br \/><\/p>\t\t\t\t\t\t\t\t<\/div>\n\t\t\t\t<\/div>\n\t\t\t\t<\/div>\n\t\t\t\t<\/div>\n\t\t<div class=\"elementor-element elementor-element-5affa64 e-con-full e-flex e-con e-parent\" data-id=\"5affa64\" data-element_type=\"container\">\n\t\t<div class=\"elementor-element elementor-element-ce5c1ad e-con-full e-flex e-con e-child\" data-id=\"ce5c1ad\" data-element_type=\"container\">\n\t\t\t\t<div class=\"elementor-element elementor-element-2f4d450 elementor-widget elementor-widget-text-editor\" data-id=\"2f4d450\" data-element_type=\"widget\" data-widget_type=\"text-editor.default\">\n\t\t\t\t<div class=\"elementor-widget-container\">\n\t\t\t\t\t\t\t\t\t<p>Si te gusta el proyecto y quieres colaborar de manera puntual puedes hacernos una donaci\u00f3n. Tu apoyo nos permite conservar nuestro patrimonio natural y cultural, y promover modelos de producci\u00f3n y consumo m\u00e1s sostenibles y justos. \u00a1Cada aportaci\u00f3n cuenta!<\/p>\t\t\t\t\t\t\t\t<\/div>\n\t\t\t\t<\/div>\n\t\t\t\t<\/div>\n\t\t<div class=\"elementor-element elementor-element-5f9851a e-con-full e-flex e-con e-child\" data-id=\"5f9851a\" data-element_type=\"container\">\n\t\t\t\t<div class=\"elementor-element elementor-element-b7ca9ce elementor-widget elementor-widget-n-accordion\" data-id=\"b7ca9ce\" data-element_type=\"widget\" data-settings=\"{&quot;default_state&quot;:&quot;all_collapsed&quot;,&quot;max_items_expended&quot;:&quot;multiple&quot;,&quot;n_accordion_animation_duration&quot;:{&quot;unit&quot;:&quot;ms&quot;,&quot;size&quot;:400,&quot;sizes&quot;:[]}}\" data-widget_type=\"nested-accordion.default\">\n\t\t\t\t<div class=\"elementor-widget-container\">\n\t\t\t\t\t\t\t<div class=\"e-n-accordion\" aria-label=\"Accordion. Open links with Enter or Space, close with Escape, and navigate with Arrow Keys\">\n\t\t\t\t\t\t<details id=\"e-n-accordion-item-1920\" class=\"e-n-accordion-item\" >\n\t\t\t\t<summary class=\"e-n-accordion-item-title\" data-accordion-index=\"1\" tabindex=\"0\" aria-expanded=\"false\" aria-controls=\"e-n-accordion-item-1920\" >\n\t\t\t\t\t<span class='e-n-accordion-item-title-header'><div class=\"e-n-accordion-item-title-text\"> <b>DONACI\u00d3N <\/b> <\/div><\/span>\n\t\t\t\t\t\t\t<span class='e-n-accordion-item-title-icon'>\n\t\t\t<span class='e-opened' ><svg aria-hidden=\"true\" class=\"e-font-icon-svg e-fas-minus\" viewbox=\"0 0 448 512\" xmlns=\"http:\/\/www.w3.org\/2000\/svg\"><path d=\"M416 208H32c-17.67 0-32 14.33-32 32v32c0 17.67 14.33 32 32 32h384c17.67 0 32-14.33 32-32v-32c0-17.67-14.33-32-32-32z\"><\/path><\/svg><\/span>\n\t\t\t<span class='e-closed'><svg aria-hidden=\"true\" class=\"e-font-icon-svg e-fas-plus\" viewbox=\"0 0 448 512\" xmlns=\"http:\/\/www.w3.org\/2000\/svg\"><path d=\"M416 208H272V64c0-17.67-14.33-32-32-32h-32c-17.67 0-32 14.33-32 32v144H32c-17.67 0-32 14.33-32 32v32c0 17.67 14.33 32 32 32h144v144c0 17.67 14.33 32 32 32h32c17.67 0 32-14.33 32-32V304h144c17.67 0 32-14.33 32-32v-32c0-17.67-14.33-32-32-32z\"><\/path><\/svg><\/span>\n\t\t<\/span>\n\n\t\t\t\t\t\t<\/summary>\n\t\t\t\t<div role=\"region\" aria-labelledby=\"e-n-accordion-item-1920\" class=\"elementor-element elementor-element-33fd057 e-con-full e-flex e-con e-child\" data-id=\"33fd057\" data-element_type=\"container\">\n\t\t\t\t<div class=\"elementor-element elementor-element-0f3bf91 elementor-widget elementor-widget-text-editor\" data-id=\"0f3bf91\" data-element_type=\"widget\" data-widget_type=\"text-editor.default\">\n\t\t\t\t<div class=\"elementor-widget-container\">\n\t\t\t\t\t\t\t\t\t<p><strong>Bizum<\/strong><br \/>Para hacer una donaci\u00f3n con Bizum nos tienes que buscar el apartado \u201cDonar\u201d de la aplicaci\u00f3n. Seg\u00fan tu APP puede tener otros nombres.<br \/>1. En este apartado, nos tienes que buscar como Connecta Natura o con el c\u00f3digo 03895.<br \/>2. En el concepto indica: Donaci\u00f3n General + Nombre Completo.<\/p><p><strong>Transferencia<\/strong><br \/>Puedes hacer una donaci\u00f3n mediante transferencia bancaria indicando en el concepto: Donaci\u00f3n General + Nombre Completo.<br \/>N.\u00ba de cuenta: ES39 3159 0069 2024 1555 1924<\/p>\t\t\t\t\t\t\t\t<\/div>\n\t\t\t\t<\/div>\n\t\t\t\t<\/div>\n\t\t\t\t\t<\/details>\n\t\t\t\t\t<\/div>\n\t\t\t\t\t\t<\/div>\n\t\t\t\t<\/div>\n\t\t\t\t<\/div>\n\t\t\t\t<\/div>\n\t\t\t\t<\/div>","protected":false},"excerpt":{"rendered":"<p>Fes-te s\u00f2cia de Connecta Natura i ajuda&#8217;ns a protegir la biodiversitat i promoure l&#8217;agroecologia! La teua col\u00b7laboraci\u00f3 \u00e9s clau per a conservar els nostres paisatges i cultura rural. Tria l\u2019opci\u00f3 que m\u00e9s t\u2019agrade. Els seg\u00fcents avantatges s\u00f3n comuns en totes les modalitats de s\u00f2cies: Descomptes del 20% en els diferents serveis (rutes interpretatives, visites guiades, [&hellip;]<\/p>","protected":false},"author":9,"featured_media":0,"parent":0,"menu_order":0,"comment_status":"closed","ping_status":"closed","template":"elementor_header_footer","meta":{"_acf_changed":false,"footnotes":""},"class_list":["post-1521","page","type-page","status-publish","hentry"],"acf":[],"yoast_head":"<!-- This site is optimized with the Yoast SEO plugin v24.6 - https:\/\/yoast.com\/wordpress\/plugins\/seo\/ -->\n<title>Fes-te socia - Connecta Natura<\/title>\n<meta name=\"robots\" content=\"index, follow, max-snippet:-1, max-image-preview:large, max-video-preview:-1\" \/>\n<link rel=\"canonical\" href=\"https:\/\/www.connectanatura.org\/cas\/wp-json\/wp\/v2\/pages\/1521\" \/>\n<meta property=\"og:locale\" content=\"es_ES\" \/>\n<meta property=\"og:type\" content=\"article\" \/>\n<meta property=\"og:title\" content=\"Fes-te socia - Connecta Natura\" \/>\n<meta property=\"og:description\" content=\"Fes-te s\u00f2cia de Connecta Natura i ajuda&#8217;ns a protegir la biodiversitat i promoure l&#8217;agroecologia! La teua col\u00b7laboraci\u00f3 \u00e9s clau per a conservar els nostres paisatges i cultura rural. Tria l\u2019opci\u00f3 que m\u00e9s t\u2019agrade. Els seg\u00fcents avantatges s\u00f3n comuns en totes les modalitats de s\u00f2cies: Descomptes del 20% en els diferents serveis (rutes interpretatives, visites guiades, [&hellip;]\" \/>\n<meta property=\"og:url\" content=\"https:\/\/www.connectanatura.org\/cas\/fes-te-socia\/\" \/>\n<meta property=\"og:site_name\" content=\"Connecta Natura\" \/>\n<meta property=\"article:publisher\" content=\"https:\/\/www.facebook.com\/connectanatura\" \/>\n<meta property=\"article:modified_time\" content=\"2025-04-09T12:34:48+00:00\" \/>\n<meta name=\"twitter:card\" content=\"summary_large_image\" \/>\n<meta name=\"twitter:site\" content=\"@ConnectaNatura\" \/>\n<meta name=\"twitter:label1\" content=\"Tiempo de lectura\" \/>\n\t<meta name=\"twitter:data1\" content=\"6 minutos\" \/>\n<script type=\"application\/ld+json\" class=\"yoast-schema-graph\">{\"@context\":\"https:\/\/schema.org\",\"@graph\":[{\"@type\":\"WebPage\",\"@id\":\"https:\/\/www.connectanatura.org\/fes-te-socia\/\",\"url\":\"https:\/\/www.connectanatura.org\/fes-te-socia\/\",\"name\":\"Fes-te socia - Connecta Natura\",\"isPartOf\":{\"@id\":\"https:\/\/www.connectanatura.org\/#website\"},\"datePublished\":\"2024-10-10T10:52:46+00:00\",\"dateModified\":\"2025-04-09T12:34:48+00:00\",\"breadcrumb\":{\"@id\":\"https:\/\/www.connectanatura.org\/fes-te-socia\/#breadcrumb\"},\"inLanguage\":\"es\",\"potentialAction\":[{\"@type\":\"ReadAction\",\"target\":[\"https:\/\/www.connectanatura.org\/fes-te-socia\/\"]}]},{\"@type\":\"BreadcrumbList\",\"@id\":\"https:\/\/www.connectanatura.org\/fes-te-socia\/#breadcrumb\",\"itemListElement\":[{\"@type\":\"ListItem\",\"position\":1,\"name\":\"Inici\",\"item\":\"https:\/\/www.connectanatura.org\/\"},{\"@type\":\"ListItem\",\"position\":2,\"name\":\"Fes-te socia\"}]},{\"@type\":\"WebSite\",\"@id\":\"https:\/\/www.connectanatura.org\/#website\",\"url\":\"https:\/\/www.connectanatura.org\/\",\"name\":\"Connecta Natura\",\"description\":\"\",\"publisher\":{\"@id\":\"https:\/\/www.connectanatura.org\/#organization\"},\"potentialAction\":[{\"@type\":\"SearchAction\",\"target\":{\"@type\":\"EntryPoint\",\"urlTemplate\":\"https:\/\/www.connectanatura.org\/?s={search_term_string}\"},\"query-input\":{\"@type\":\"PropertyValueSpecification\",\"valueRequired\":true,\"valueName\":\"search_term_string\"}}],\"inLanguage\":\"es\"},{\"@type\":\"Organization\",\"@id\":\"https:\/\/www.connectanatura.org\/#organization\",\"name\":\"Connecta Natura\",\"url\":\"https:\/\/www.connectanatura.org\/\",\"logo\":{\"@type\":\"ImageObject\",\"inLanguage\":\"es\",\"@id\":\"https:\/\/www.connectanatura.org\/#\/schema\/logo\/image\/\",\"url\":\"https:\/\/www.connectanatura.org\/wp-content\/uploads\/2021\/05\/Logo-final-hotzontal.png\",\"contentUrl\":\"https:\/\/www.connectanatura.org\/wp-content\/uploads\/2021\/05\/Logo-final-hotzontal.png\",\"width\":3543,\"height\":1181,\"caption\":\"Connecta Natura\"},\"image\":{\"@id\":\"https:\/\/www.connectanatura.org\/#\/schema\/logo\/image\/\"},\"sameAs\":[\"https:\/\/www.facebook.com\/connectanatura\",\"https:\/\/x.com\/ConnectaNatura\",\"https:\/\/www.instagram.com\/connectanatura\/\",\"https:\/\/www.linkedin.com\/company\/connecta-natura\"]}]}<\/script>\n<!-- \/ Yoast SEO plugin. -->","yoast_head_json":{"title":"Fes-te socia - Connecta Natura","robots":{"index":"index","follow":"follow","max-snippet":"max-snippet:-1","max-image-preview":"max-image-preview:large","max-video-preview":"max-video-preview:-1"},"canonical":"https:\/\/www.connectanatura.org\/cas\/wp-json\/wp\/v2\/pages\/1521","og_locale":"es_ES","og_type":"article","og_title":"Fes-te socia - Connecta Natura","og_description":"Fes-te s\u00f2cia de Connecta Natura i ajuda&#8217;ns a protegir la biodiversitat i promoure l&#8217;agroecologia! La teua col\u00b7laboraci\u00f3 \u00e9s clau per a conservar els nostres paisatges i cultura rural. Tria l\u2019opci\u00f3 que m\u00e9s t\u2019agrade. Els seg\u00fcents avantatges s\u00f3n comuns en totes les modalitats de s\u00f2cies: Descomptes del 20% en els diferents serveis (rutes interpretatives, visites guiades, [&hellip;]","og_url":"https:\/\/www.connectanatura.org\/cas\/fes-te-socia\/","og_site_name":"Connecta Natura","article_publisher":"https:\/\/www.facebook.com\/connectanatura","article_modified_time":"2025-04-09T12:34:48+00:00","twitter_card":"summary_large_image","twitter_site":"@ConnectaNatura","twitter_misc":{"Tiempo de lectura":"6 minutos"},"schema":{"@context":"https:\/\/schema.org","@graph":[{"@type":"WebPage","@id":"https:\/\/www.connectanatura.org\/fes-te-socia\/","url":"https:\/\/www.connectanatura.org\/fes-te-socia\/","name":"Fes-te socia - Connecta Natura","isPartOf":{"@id":"https:\/\/www.connectanatura.org\/#website"},"datePublished":"2024-10-10T10:52:46+00:00","dateModified":"2025-04-09T12:34:48+00:00","breadcrumb":{"@id":"https:\/\/www.connectanatura.org\/fes-te-socia\/#breadcrumb"},"inLanguage":"es","potentialAction":[{"@type":"ReadAction","target":["https:\/\/www.connectanatura.org\/fes-te-socia\/"]}]},{"@type":"BreadcrumbList","@id":"https:\/\/www.connectanatura.org\/fes-te-socia\/#breadcrumb","itemListElement":[{"@type":"ListItem","position":1,"name":"Inici","item":"https:\/\/www.connectanatura.org\/"},{"@type":"ListItem","position":2,"name":"Fes-te socia"}]},{"@type":"WebSite","@id":"https:\/\/www.connectanatura.org\/#website","url":"https:\/\/www.connectanatura.org\/","name":"Connecta Natura","description":"","publisher":{"@id":"https:\/\/www.connectanatura.org\/#organization"},"potentialAction":[{"@type":"SearchAction","target":{"@type":"EntryPoint","urlTemplate":"https:\/\/www.connectanatura.org\/?s={search_term_string}"},"query-input":{"@type":"PropertyValueSpecification","valueRequired":true,"valueName":"search_term_string"}}],"inLanguage":"es"},{"@type":"Organization","@id":"https:\/\/www.connectanatura.org\/#organization","name":"Connecta Natura","url":"https:\/\/www.connectanatura.org\/","logo":{"@type":"ImageObject","inLanguage":"es","@id":"https:\/\/www.connectanatura.org\/#\/schema\/logo\/image\/","url":"https:\/\/www.connectanatura.org\/wp-content\/uploads\/2021\/05\/Logo-final-hotzontal.png","contentUrl":"https:\/\/www.connectanatura.org\/wp-content\/uploads\/2021\/05\/Logo-final-hotzontal.png","width":3543,"height":1181,"caption":"Connecta Natura"},"image":{"@id":"https:\/\/www.connectanatura.org\/#\/schema\/logo\/image\/"},"sameAs":["https:\/\/www.facebook.com\/connectanatura","https:\/\/x.com\/ConnectaNatura","https:\/\/www.instagram.com\/connectanatura\/","https:\/\/www.linkedin.com\/company\/connecta-natura"]}]}},"_links":{"self":[{"href":"https:\/\/www.connectanatura.org\/cas\/wp-json\/wp\/v2\/pages\/1521"}],"collection":[{"href":"https:\/\/www.connectanatura.org\/cas\/wp-json\/wp\/v2\/pages"}],"about":[{"href":"https:\/\/www.connectanatura.org\/cas\/wp-json\/wp\/v2\/types\/page"}],"author":[{"embeddable":true,"href":"https:\/\/www.connectanatura.org\/cas\/wp-json\/wp\/v2\/users\/9"}],"replies":[{"embeddable":true,"href":"https:\/\/www.connectanatura.org\/cas\/wp-json\/wp\/v2\/comments?post=1521"}],"version-history":[{"count":126,"href":"https:\/\/www.connectanatura.org\/cas\/wp-json\/wp\/v2\/pages\/1521\/revisions"}],"predecessor-version":[{"id":3411,"href":"https:\/\/www.connectanatura.org\/cas\/wp-json\/wp\/v2\/pages\/1521\/revisions\/3411"}],"wp:attachment":[{"href":"https:\/\/www.connectanatura.org\/cas\/wp-json\/wp\/v2\/media?parent=1521"}],"curies":[{"name":"wp","href":"https:\/\/api.w.org\/{rel}","templated":true}]}}