{"id":2777,"date":"2025-03-11T16:16:10","date_gmt":"2025-03-11T15:16:10","guid":{"rendered":"https:\/\/www.connectanatura.org\/?page_id=2777"},"modified":"2025-04-10T13:42:56","modified_gmt":"2025-04-10T11:42:56","slug":"repartiment","status":"publish","type":"page","link":"https:\/\/www.connectanatura.org\/cas\/repartiment\/","title":{"rendered":"Reparto"},"content":{"rendered":"<div data-elementor-type=\"wp-page\" data-elementor-id=\"2777\" class=\"elementor elementor-2777\" data-elementor-post-type=\"page\">\n\t\t\t\t<div class=\"elementor-element elementor-element-1f48d79 e-con-full e-flex e-con e-parent\" data-id=\"1f48d79\" data-element_type=\"container\">\n\t\t\t\t<div class=\"elementor-element elementor-element-57b58b4 elementor-widget elementor-widget-heading\" data-id=\"57b58b4\" data-element_type=\"widget\" data-widget_type=\"heading.default\">\n\t\t\t\t<div class=\"elementor-widget-container\">\n\t\t\t\t\t<h1 class=\"elementor-heading-title elementor-size-default\">CULTIVA VARIEDADES TRADICIONALES<\/h1>\t\t\t\t<\/div>\n\t\t\t\t<\/div>\n\t\t<div class=\"elementor-element elementor-element-04fd589 e-con-full e-flex e-con e-child\" data-id=\"04fd589\" data-element_type=\"container\">\n\t\t<div class=\"elementor-element elementor-element-9066578 e-con-full e-flex e-con e-child\" data-id=\"9066578\" data-element_type=\"container\">\n\t\t\t\t<div class=\"elementor-element elementor-element-41315fa elementor-widget__width-inherit elementor-widget elementor-widget-text-editor\" data-id=\"41315fa\" data-element_type=\"widget\" data-widget_type=\"text-editor.default\">\n\t\t\t\t<div class=\"elementor-widget-container\">\n\t\t\t\t\t\t\t\t\t<p>Cada a\u00f1o hacemos campa\u00f1as para repartir plantel y \u00e1rboles de las variedades tradicionales que estamos recuperando entre las personas que quieran cultivarlas y conservarlas. Estas variedades son un patrimonio comunal de nuestros pueblos, por lo tanto, creemos que su conservaci\u00f3n tiene que ser un proyecto colectivo.<\/p>\t\t\t\t\t\t\t\t<\/div>\n\t\t\t\t<\/div>\n\t\t\t\t<div class=\"elementor-element elementor-element-2d3d99f elementor-align-left elementor-widget elementor-widget-button\" data-id=\"2d3d99f\" data-element_type=\"widget\" data-widget_type=\"button.default\">\n\t\t\t\t<div class=\"elementor-widget-container\">\n\t\t\t\t\t\t\t\t\t<div class=\"elementor-button-wrapper\">\n\t\t\t\t\t<a class=\"elementor-button elementor-button-link elementor-size-sm\" href=\"https:\/\/forms.komun.org\/participarecuperaciovt\" target=\"_blank\">\n\t\t\t\t\t\t<span class=\"elementor-button-content-wrapper\">\n\t\t\t\t\t\t\t\t\t<span class=\"elementor-button-text\">inscr\u00edbete y participa<\/span>\n\t\t\t\t\t<\/span>\n\t\t\t\t\t<\/a>\n\t\t\t\t<\/div>\n\t\t\t\t\t\t\t\t<\/div>\n\t\t\t\t<\/div>\n\t\t\t\t<\/div>\n\t\t<div class=\"elementor-element elementor-element-d342777 e-con-full e-flex e-con e-child\" data-id=\"d342777\" data-element_type=\"container\">\n\t\t\t\t<div class=\"elementor-element elementor-element-c22f427 elementor-widget elementor-widget-text-editor\" data-id=\"c22f427\" data-element_type=\"widget\" data-widget_type=\"text-editor.default\">\n\t\t\t\t<div class=\"elementor-widget-container\">\n\t\t\t\t\t\t\t\t\tRealizamos la campa\u00f1a de <strong>reparto de variedades frutales<\/strong> tradicionales durante los meses de Diciembre, Enero y Febrero. A partir de Noviembre nos pod\u00e9is hacer llegar vuestras peticiones seg\u00fan las instrucciones que encontrar\u00e9is a continuaci\u00f3n.\t\t\t\t\t\t\t\t<\/div>\n\t\t\t\t<\/div>\n\t\t\t\t<div class=\"elementor-element elementor-element-9929a11 elementor-icon-list--layout-traditional elementor-list-item-link-full_width elementor-widget elementor-widget-icon-list\" data-id=\"9929a11\" data-element_type=\"widget\" data-widget_type=\"icon-list.default\">\n\t\t\t\t<div class=\"elementor-widget-container\">\n\t\t\t\t\t\t\t<ul class=\"elementor-icon-list-items\">\n\t\t\t\t\t\t\t<li class=\"elementor-icon-list-item\">\n\t\t\t\t\t\t\t\t\t\t\t<a href=\"https:\/\/www.connectanatura.org\/wp-content\/uploads\/2024\/12\/Info-Repartiment-Arbres-25.pdf\" target=\"_blank\">\n\n\t\t\t\t\t\t\t\t\t\t\t\t<span class=\"elementor-icon-list-icon\">\n\t\t\t\t\t\t\t<svg xmlns=\"http:\/\/www.w3.org\/2000\/svg\" width=\"17\" height=\"22\" viewbox=\"0 0 17 22\" fill=\"none\"><path d=\"M8.5 0.473685L8.5 21M8.5 21L16 14.317M8.5 21L1 14.317\" stroke=\"#010202\" stroke-width=\"0.789474\"><\/path><\/svg>\t\t\t\t\t\t<\/span>\n\t\t\t\t\t\t\t\t\t\t<span class=\"elementor-icon-list-text\">Instrucciones para recibir \u00e1rboles<\/span>\n\t\t\t\t\t\t\t\t\t\t\t<\/a>\n\t\t\t\t\t\t\t\t\t<\/li>\n\t\t\t\t\t\t\t\t<li class=\"elementor-icon-list-item\">\n\t\t\t\t\t\t\t\t\t\t\t<a href=\"https:\/\/www.connectanatura.org\/wp-content\/uploads\/2024\/12\/Cataleg-Fruiters-Connecta-Natura-Decembre-2024.pdf\" target=\"_blank\">\n\n\t\t\t\t\t\t\t\t\t\t\t\t<span class=\"elementor-icon-list-icon\">\n\t\t\t\t\t\t\t<svg xmlns=\"http:\/\/www.w3.org\/2000\/svg\" width=\"17\" height=\"22\" viewbox=\"0 0 17 22\" fill=\"none\"><path d=\"M8.5 0.473685L8.5 21M8.5 21L16 14.317M8.5 21L1 14.317\" stroke=\"#010202\" stroke-width=\"0.789474\"><\/path><\/svg>\t\t\t\t\t\t<\/span>\n\t\t\t\t\t\t\t\t\t\t<span class=\"elementor-icon-list-text\">Descarga cat\u00e1logo de fruteros recuperados<\/span>\n\t\t\t\t\t\t\t\t\t\t\t<\/a>\n\t\t\t\t\t\t\t\t\t<\/li>\n\t\t\t\t\t\t\t\t<li class=\"elementor-icon-list-item\">\n\t\t\t\t\t\t\t\t\t\t\t<a href=\"https:\/\/www.connectanatura.org\/wp-content\/uploads\/2024\/12\/VARIETATS-FRUITLAS-DISPONIBLES-2025.pdf\" target=\"_blank\">\n\n\t\t\t\t\t\t\t\t\t\t\t\t<span class=\"elementor-icon-list-icon\">\n\t\t\t\t\t\t\t<svg xmlns=\"http:\/\/www.w3.org\/2000\/svg\" width=\"17\" height=\"22\" viewbox=\"0 0 17 22\" fill=\"none\"><path d=\"M8.5 0.473685L8.5 21M8.5 21L16 14.317M8.5 21L1 14.317\" stroke=\"#010202\" stroke-width=\"0.789474\"><\/path><\/svg>\t\t\t\t\t\t<\/span>\n\t\t\t\t\t\t\t\t\t\t<span class=\"elementor-icon-list-text\">Variedades frutales disponibles<\/span>\n\t\t\t\t\t\t\t\t\t\t\t<\/a>\n\t\t\t\t\t\t\t\t\t<\/li>\n\t\t\t\t\t\t\t\t<li class=\"elementor-icon-list-item\">\n\t\t\t\t\t\t\t\t\t\t\t<a href=\"https:\/\/www.connectanatura.org\/wp-content\/uploads\/2025\/03\/Model-acord-de-custodia-fruiters-particulars-25-1.pdf\" target=\"_blank\">\n\n\t\t\t\t\t\t\t\t\t\t\t\t<span class=\"elementor-icon-list-icon\">\n\t\t\t\t\t\t\t<svg xmlns=\"http:\/\/www.w3.org\/2000\/svg\" width=\"17\" height=\"22\" viewbox=\"0 0 17 22\" fill=\"none\"><path d=\"M8.5 0.473685L8.5 21M8.5 21L16 14.317M8.5 21L1 14.317\" stroke=\"#010202\" stroke-width=\"0.789474\"><\/path><\/svg>\t\t\t\t\t\t<\/span>\n\t\t\t\t\t\t\t\t\t\t<span class=\"elementor-icon-list-text\">Acuerdo custodia frutales<\/span>\n\t\t\t\t\t\t\t\t\t\t\t<\/a>\n\t\t\t\t\t\t\t\t\t<\/li>\n\t\t\t\t\t\t<\/ul>\n\t\t\t\t\t\t<\/div>\n\t\t\t\t<\/div>\n\t\t\t\t<div class=\"elementor-element elementor-element-3e9646c elementor-widget elementor-widget-text-editor\" data-id=\"3e9646c\" data-element_type=\"widget\" data-widget_type=\"text-editor.default\">\n\t\t\t\t<div class=\"elementor-widget-container\">\n\t\t\t\t\t\t\t\t\t<p>Realizamos la campa\u00f1a de <strong>reparto de variedades hort\u00edcolas<\/strong> tradicionales durante los meses de Marzo y Abril. A partir de Enero publicaremos las variedades que habr\u00e1 disponible en cada punto de reparto en el <strong>siguiente enlace.<\/strong><\/p>\t\t\t\t\t\t\t\t<\/div>\n\t\t\t\t<\/div>\n\t\t\t\t<div class=\"elementor-element elementor-element-ff53eab elementor-icon-list--layout-traditional elementor-list-item-link-full_width elementor-widget elementor-widget-icon-list\" data-id=\"ff53eab\" data-element_type=\"widget\" data-widget_type=\"icon-list.default\">\n\t\t\t\t<div class=\"elementor-widget-container\">\n\t\t\t\t\t\t\t<ul class=\"elementor-icon-list-items\">\n\t\t\t\t\t\t\t<li class=\"elementor-icon-list-item\">\n\t\t\t\t\t\t\t\t\t\t\t<span class=\"elementor-icon-list-icon\">\n\t\t\t\t\t\t\t<svg xmlns=\"http:\/\/www.w3.org\/2000\/svg\" width=\"17\" height=\"22\" viewbox=\"0 0 17 22\" fill=\"none\"><path d=\"M8.5 0.473685L8.5 21M8.5 21L16 14.317M8.5 21L1 14.317\" stroke=\"#010202\" stroke-width=\"0.789474\"><\/path><\/svg>\t\t\t\t\t\t<\/span>\n\t\t\t\t\t\t\t\t\t\t<span class=\"elementor-icon-list-text\">Instrucciones para recibir plantel<\/span>\n\t\t\t\t\t\t\t\t\t<\/li>\n\t\t\t\t\t\t\t\t<li class=\"elementor-icon-list-item\">\n\t\t\t\t\t\t\t\t\t\t\t<a href=\"https:\/\/www.connectanatura.org\/wp-content\/uploads\/2025\/02\/Cataleg-Horticoles-2025.pdf\" target=\"_blank\">\n\n\t\t\t\t\t\t\t\t\t\t\t\t<span class=\"elementor-icon-list-icon\">\n\t\t\t\t\t\t\t<svg xmlns=\"http:\/\/www.w3.org\/2000\/svg\" width=\"17\" height=\"22\" viewbox=\"0 0 17 22\" fill=\"none\"><path d=\"M8.5 0.473685L8.5 21M8.5 21L16 14.317M8.5 21L1 14.317\" stroke=\"#010202\" stroke-width=\"0.789474\"><\/path><\/svg>\t\t\t\t\t\t<\/span>\n\t\t\t\t\t\t\t\t\t\t<span class=\"elementor-icon-list-text\">Descarga el cat\u00e1logo de hortalizas recuperadas<\/span>\n\t\t\t\t\t\t\t\t\t\t\t<\/a>\n\t\t\t\t\t\t\t\t\t<\/li>\n\t\t\t\t\t\t\t\t<li class=\"elementor-icon-list-item\">\n\t\t\t\t\t\t\t\t\t\t\t<span class=\"elementor-icon-list-icon\">\n\t\t\t\t\t\t\t<svg xmlns=\"http:\/\/www.w3.org\/2000\/svg\" width=\"17\" height=\"22\" viewbox=\"0 0 17 22\" fill=\"none\"><path d=\"M8.5 0.473685L8.5 21M8.5 21L16 14.317M8.5 21L1 14.317\" stroke=\"#010202\" stroke-width=\"0.789474\"><\/path><\/svg>\t\t\t\t\t\t<\/span>\n\t\t\t\t\t\t\t\t\t\t<span class=\"elementor-icon-list-text\">Variedades hortalizas disponibles<\/span>\n\t\t\t\t\t\t\t\t\t<\/li>\n\t\t\t\t\t\t\t\t<li class=\"elementor-icon-list-item\">\n\t\t\t\t\t\t\t\t\t\t\t<a href=\"https:\/\/www.connectanatura.org\/wp-content\/uploads\/2024\/10\/4.-Acord-de-custodia-de-varietats-horticoles-tradicionals.pdf\" target=\"_blank\">\n\n\t\t\t\t\t\t\t\t\t\t\t\t<span class=\"elementor-icon-list-icon\">\n\t\t\t\t\t\t\t<svg xmlns=\"http:\/\/www.w3.org\/2000\/svg\" width=\"17\" height=\"22\" viewbox=\"0 0 17 22\" fill=\"none\"><path d=\"M8.5 0.473685L8.5 21M8.5 21L16 14.317M8.5 21L1 14.317\" stroke=\"#010202\" stroke-width=\"0.789474\"><\/path><\/svg>\t\t\t\t\t\t<\/span>\n\t\t\t\t\t\t\t\t\t\t<span class=\"elementor-icon-list-text\">Acuerdo custodia hortalizas<\/span>\n\t\t\t\t\t\t\t\t\t\t\t<\/a>\n\t\t\t\t\t\t\t\t\t<\/li>\n\t\t\t\t\t\t\t\t<li class=\"elementor-icon-list-item\">\n\t\t\t\t\t\t\t\t\t\t\t<a href=\"https:\/\/www.connectanatura.org\/wp-content\/uploads\/2024\/10\/5-Guia-per-a-la-multiplicacio-participativa-de-varietats-horticoles-tradicionals-de-les-comarques-de-Castello.pdf\" target=\"_blank\">\n\n\t\t\t\t\t\t\t\t\t\t\t\t<span class=\"elementor-icon-list-icon\">\n\t\t\t\t\t\t\t<svg xmlns=\"http:\/\/www.w3.org\/2000\/svg\" width=\"17\" height=\"22\" viewbox=\"0 0 17 22\" fill=\"none\"><path d=\"M8.5 0.473685L8.5 21M8.5 21L16 14.317M8.5 21L1 14.317\" stroke=\"#010202\" stroke-width=\"0.789474\"><\/path><\/svg>\t\t\t\t\t\t<\/span>\n\t\t\t\t\t\t\t\t\t\t<span class=\"elementor-icon-list-text\">Gu\u00eda de multiplicaci\u00f3n de hortalizas<\/span>\n\t\t\t\t\t\t\t\t\t\t\t<\/a>\n\t\t\t\t\t\t\t\t\t<\/li>\n\t\t\t\t\t\t<\/ul>\n\t\t\t\t\t\t<\/div>\n\t\t\t\t<\/div>\n\t\t\t\t<\/div>\n\t\t\t\t<\/div>\n\t\t\t\t<\/div>\n\t\t<div class=\"elementor-element elementor-element-8180bd0 e-con-full e-flex e-con e-parent\" data-id=\"8180bd0\" data-element_type=\"container\" data-settings=\"{&quot;background_background&quot;:&quot;slideshow&quot;,&quot;background_slideshow_gallery&quot;:[{&quot;id&quot;:2939,&quot;url&quot;:&quot;https:\\\/\\\/www.connectanatura.org\\\/wp-content\\\/uploads\\\/2025\\\/04\\\/Copia-de-5F2A6353-viver-scaled.jpeg&quot;},{&quot;id&quot;:3190,&quot;url&quot;:&quot;https:\\\/\\\/www.connectanatura.org\\\/wp-content\\\/uploads\\\/2025\\\/04\\\/Sin-titulo-25-scaled.jpeg&quot;},{&quot;id&quot;:3194,&quot;url&quot;:&quot;https:\\\/\\\/www.connectanatura.org\\\/wp-content\\\/uploads\\\/2025\\\/04\\\/registre_participatiu_coll_del_sastre-39-1-scaled.jpeg&quot;}],&quot;background_slideshow_loop&quot;:&quot;yes&quot;,&quot;background_slideshow_slide_duration&quot;:5000,&quot;background_slideshow_slide_transition&quot;:&quot;fade&quot;,&quot;background_slideshow_transition_duration&quot;:500}\">\n\t\t\t\t<\/div>\n\t\t\t\t<\/div>","protected":false},"excerpt":{"rendered":"<p>Cultiva Varietats Tradicionals Cada any fem campanyes per repartir planter i arbres de les varietats tradicionals que estem recuperant entre les persones que vulguen cultivar-les i conservar-les. Estes varietats s\u00f3n un patrimoni comunal dels nostres pobles, per tant, creiem que la seua conservaci\u00f3 ha de ser un projecte col\u00b7lectiu. inscriu-te i participa Realitzem la campanya [&hellip;]<\/p>","protected":false},"author":9,"featured_media":0,"parent":0,"menu_order":0,"comment_status":"closed","ping_status":"closed","template":"elementor_header_footer","meta":{"_acf_changed":false,"footnotes":""},"class_list":["post-2777","page","type-page","status-publish","hentry"],"acf":[],"yoast_head":"<!-- This site is optimized with the Yoast SEO plugin v24.6 - https:\/\/yoast.com\/wordpress\/plugins\/seo\/ -->\n<title>Repartiment - Connecta Natura<\/title>\n<meta name=\"robots\" content=\"index, follow, max-snippet:-1, max-image-preview:large, max-video-preview:-1\" \/>\n<link rel=\"canonical\" href=\"https:\/\/www.connectanatura.org\/cas\/wp-json\/wp\/v2\/pages\/2777\" \/>\n<meta property=\"og:locale\" content=\"es_ES\" \/>\n<meta property=\"og:type\" content=\"article\" \/>\n<meta property=\"og:title\" content=\"Repartiment - Connecta Natura\" \/>\n<meta property=\"og:description\" content=\"Cultiva Varietats Tradicionals Cada any fem campanyes per repartir planter i arbres de les varietats tradicionals que estem recuperant entre les persones que vulguen cultivar-les i conservar-les. Estes varietats s\u00f3n un patrimoni comunal dels nostres pobles, per tant, creiem que la seua conservaci\u00f3 ha de ser un projecte col\u00b7lectiu. inscriu-te i participa Realitzem la campanya [&hellip;]\" \/>\n<meta property=\"og:url\" content=\"https:\/\/www.connectanatura.org\/cas\/repartiment\/\" \/>\n<meta property=\"og:site_name\" content=\"Connecta Natura\" \/>\n<meta property=\"article:publisher\" content=\"https:\/\/www.facebook.com\/connectanatura\" \/>\n<meta property=\"article:modified_time\" content=\"2025-04-10T11:42:56+00:00\" \/>\n<meta name=\"twitter:card\" content=\"summary_large_image\" \/>\n<meta name=\"twitter:site\" content=\"@ConnectaNatura\" \/>\n<meta name=\"twitter:label1\" content=\"Tiempo de lectura\" \/>\n\t<meta name=\"twitter:data1\" content=\"1 minuto\" \/>\n<script type=\"application\/ld+json\" class=\"yoast-schema-graph\">{\"@context\":\"https:\/\/schema.org\",\"@graph\":[{\"@type\":\"WebPage\",\"@id\":\"https:\/\/www.connectanatura.org\/repartiment\/\",\"url\":\"https:\/\/www.connectanatura.org\/repartiment\/\",\"name\":\"Repartiment - Connecta Natura\",\"isPartOf\":{\"@id\":\"https:\/\/www.connectanatura.org\/#website\"},\"datePublished\":\"2025-03-11T15:16:10+00:00\",\"dateModified\":\"2025-04-10T11:42:56+00:00\",\"breadcrumb\":{\"@id\":\"https:\/\/www.connectanatura.org\/repartiment\/#breadcrumb\"},\"inLanguage\":\"es\",\"potentialAction\":[{\"@type\":\"ReadAction\",\"target\":[\"https:\/\/www.connectanatura.org\/repartiment\/\"]}]},{\"@type\":\"BreadcrumbList\",\"@id\":\"https:\/\/www.connectanatura.org\/repartiment\/#breadcrumb\",\"itemListElement\":[{\"@type\":\"ListItem\",\"position\":1,\"name\":\"Inici\",\"item\":\"https:\/\/www.connectanatura.org\/\"},{\"@type\":\"ListItem\",\"position\":2,\"name\":\"Repartiment\"}]},{\"@type\":\"WebSite\",\"@id\":\"https:\/\/www.connectanatura.org\/#website\",\"url\":\"https:\/\/www.connectanatura.org\/\",\"name\":\"Connecta Natura\",\"description\":\"\",\"publisher\":{\"@id\":\"https:\/\/www.connectanatura.org\/#organization\"},\"potentialAction\":[{\"@type\":\"SearchAction\",\"target\":{\"@type\":\"EntryPoint\",\"urlTemplate\":\"https:\/\/www.connectanatura.org\/?s={search_term_string}\"},\"query-input\":{\"@type\":\"PropertyValueSpecification\",\"valueRequired\":true,\"valueName\":\"search_term_string\"}}],\"inLanguage\":\"es\"},{\"@type\":\"Organization\",\"@id\":\"https:\/\/www.connectanatura.org\/#organization\",\"name\":\"Connecta Natura\",\"url\":\"https:\/\/www.connectanatura.org\/\",\"logo\":{\"@type\":\"ImageObject\",\"inLanguage\":\"es\",\"@id\":\"https:\/\/www.connectanatura.org\/#\/schema\/logo\/image\/\",\"url\":\"https:\/\/www.connectanatura.org\/wp-content\/uploads\/2021\/05\/Logo-final-hotzontal.png\",\"contentUrl\":\"https:\/\/www.connectanatura.org\/wp-content\/uploads\/2021\/05\/Logo-final-hotzontal.png\",\"width\":3543,\"height\":1181,\"caption\":\"Connecta Natura\"},\"image\":{\"@id\":\"https:\/\/www.connectanatura.org\/#\/schema\/logo\/image\/\"},\"sameAs\":[\"https:\/\/www.facebook.com\/connectanatura\",\"https:\/\/x.com\/ConnectaNatura\",\"https:\/\/www.instagram.com\/connectanatura\/\",\"https:\/\/www.linkedin.com\/company\/connecta-natura\"]}]}<\/script>\n<!-- \/ Yoast SEO plugin. -->","yoast_head_json":{"title":"Repartiment - Connecta Natura","robots":{"index":"index","follow":"follow","max-snippet":"max-snippet:-1","max-image-preview":"max-image-preview:large","max-video-preview":"max-video-preview:-1"},"canonical":"https:\/\/www.connectanatura.org\/cas\/wp-json\/wp\/v2\/pages\/2777","og_locale":"es_ES","og_type":"article","og_title":"Repartiment - Connecta Natura","og_description":"Cultiva Varietats Tradicionals Cada any fem campanyes per repartir planter i arbres de les varietats tradicionals que estem recuperant entre les persones que vulguen cultivar-les i conservar-les. Estes varietats s\u00f3n un patrimoni comunal dels nostres pobles, per tant, creiem que la seua conservaci\u00f3 ha de ser un projecte col\u00b7lectiu. inscriu-te i participa Realitzem la campanya [&hellip;]","og_url":"https:\/\/www.connectanatura.org\/cas\/repartiment\/","og_site_name":"Connecta Natura","article_publisher":"https:\/\/www.facebook.com\/connectanatura","article_modified_time":"2025-04-10T11:42:56+00:00","twitter_card":"summary_large_image","twitter_site":"@ConnectaNatura","twitter_misc":{"Tiempo de lectura":"1 minuto"},"schema":{"@context":"https:\/\/schema.org","@graph":[{"@type":"WebPage","@id":"https:\/\/www.connectanatura.org\/repartiment\/","url":"https:\/\/www.connectanatura.org\/repartiment\/","name":"Repartiment - Connecta Natura","isPartOf":{"@id":"https:\/\/www.connectanatura.org\/#website"},"datePublished":"2025-03-11T15:16:10+00:00","dateModified":"2025-04-10T11:42:56+00:00","breadcrumb":{"@id":"https:\/\/www.connectanatura.org\/repartiment\/#breadcrumb"},"inLanguage":"es","potentialAction":[{"@type":"ReadAction","target":["https:\/\/www.connectanatura.org\/repartiment\/"]}]},{"@type":"BreadcrumbList","@id":"https:\/\/www.connectanatura.org\/repartiment\/#breadcrumb","itemListElement":[{"@type":"ListItem","position":1,"name":"Inici","item":"https:\/\/www.connectanatura.org\/"},{"@type":"ListItem","position":2,"name":"Repartiment"}]},{"@type":"WebSite","@id":"https:\/\/www.connectanatura.org\/#website","url":"https:\/\/www.connectanatura.org\/","name":"Connecta Natura","description":"","publisher":{"@id":"https:\/\/www.connectanatura.org\/#organization"},"potentialAction":[{"@type":"SearchAction","target":{"@type":"EntryPoint","urlTemplate":"https:\/\/www.connectanatura.org\/?s={search_term_string}"},"query-input":{"@type":"PropertyValueSpecification","valueRequired":true,"valueName":"search_term_string"}}],"inLanguage":"es"},{"@type":"Organization","@id":"https:\/\/www.connectanatura.org\/#organization","name":"Connecta Natura","url":"https:\/\/www.connectanatura.org\/","logo":{"@type":"ImageObject","inLanguage":"es","@id":"https:\/\/www.connectanatura.org\/#\/schema\/logo\/image\/","url":"https:\/\/www.connectanatura.org\/wp-content\/uploads\/2021\/05\/Logo-final-hotzontal.png","contentUrl":"https:\/\/www.connectanatura.org\/wp-content\/uploads\/2021\/05\/Logo-final-hotzontal.png","width":3543,"height":1181,"caption":"Connecta Natura"},"image":{"@id":"https:\/\/www.connectanatura.org\/#\/schema\/logo\/image\/"},"sameAs":["https:\/\/www.facebook.com\/connectanatura","https:\/\/x.com\/ConnectaNatura","https:\/\/www.instagram.com\/connectanatura\/","https:\/\/www.linkedin.com\/company\/connecta-natura"]}]}},"_links":{"self":[{"href":"https:\/\/www.connectanatura.org\/cas\/wp-json\/wp\/v2\/pages\/2777"}],"collection":[{"href":"https:\/\/www.connectanatura.org\/cas\/wp-json\/wp\/v2\/pages"}],"about":[{"href":"https:\/\/www.connectanatura.org\/cas\/wp-json\/wp\/v2\/types\/page"}],"author":[{"embeddable":true,"href":"https:\/\/www.connectanatura.org\/cas\/wp-json\/wp\/v2\/users\/9"}],"replies":[{"embeddable":true,"href":"https:\/\/www.connectanatura.org\/cas\/wp-json\/wp\/v2\/comments?post=2777"}],"version-history":[{"count":35,"href":"https:\/\/www.connectanatura.org\/cas\/wp-json\/wp\/v2\/pages\/2777\/revisions"}],"predecessor-version":[{"id":3513,"href":"https:\/\/www.connectanatura.org\/cas\/wp-json\/wp\/v2\/pages\/2777\/revisions\/3513"}],"wp:attachment":[{"href":"https:\/\/www.connectanatura.org\/cas\/wp-json\/wp\/v2\/media?parent=2777"}],"curies":[{"name":"wp","href":"https:\/\/api.w.org\/{rel}","templated":true}]}}